{"id":1479,"date":"2024-02-21T13:56:01","date_gmt":"2024-02-21T12:56:01","guid":{"rendered":"https:\/\/www.summerhotelcalella.com\/politique-de-confidentialite\/"},"modified":"2024-06-13T16:33:16","modified_gmt":"2024-06-13T14:33:16","slug":"politique-de-confidentialite","status":"publish","type":"page","link":"https:\/\/www.summerhotelcalella.com\/fr\/politique-de-confidentialite\/","title":{"rendered":"Politique de confidentialit\u00e9"},"content":{"rendered":"\t\t<div data-elementor-type=\"wp-page\" data-elementor-id=\"1479\" class=\"elementor elementor-1479 elementor-3\" data-elementor-post-type=\"page\">\n\t\t\t\t<div class=\"elementor-element elementor-element-b8ea492 e-flex e-con-boxed e-con e-parent\" data-id=\"b8ea492\" data-element_type=\"container\" data-settings=\"{&quot;jet_parallax_layout_list&quot;:[],&quot;background_background&quot;:&quot;classic&quot;}\">\n\t\t\t\t\t<div class=\"e-con-inner\">\n\t\t<div class=\"elementor-element elementor-element-4230d15 e-con-full e-flex e-con e-child\" data-id=\"4230d15\" data-element_type=\"container\" data-settings=\"{&quot;background_background&quot;:&quot;classic&quot;,&quot;jet_parallax_layout_list&quot;:[]}\">\n\t\t\t\t<div class=\"elementor-element elementor-element-91c6b0d elementor-widget elementor-widget-heading\" data-id=\"91c6b0d\" data-element_type=\"widget\" data-widget_type=\"heading.default\">\n\t\t\t\t<div class=\"elementor-widget-container\">\n\t\t\t\t\t<h1 class=\"elementor-heading-title elementor-size-default\">Politique de confidentialit\u00e9<\/h1>\t\t\t\t<\/div>\n\t\t\t\t<\/div>\n\t\t\t\t<\/div>\n\t\t\t\t\t<\/div>\n\t\t\t\t<\/div>\n\t\t<div class=\"elementor-element elementor-element-25ead89 e-flex e-con-boxed e-con e-parent\" data-id=\"25ead89\" data-element_type=\"container\" data-settings=\"{&quot;jet_parallax_layout_list&quot;:[]}\">\n\t\t\t\t\t<div class=\"e-con-inner\">\n\t\t<div class=\"elementor-element elementor-element-f6cca25 e-con-full e-flex e-con e-child\" data-id=\"f6cca25\" data-element_type=\"container\" data-settings=\"{&quot;jet_parallax_layout_list&quot;:[]}\">\n\t\t\t\t<div class=\"elementor-element elementor-element-013597a elementor-widget elementor-widget-text-editor\" data-id=\"013597a\" data-element_type=\"widget\" data-widget_type=\"text-editor.default\">\n\t\t\t\t<div class=\"elementor-widget-container\">\n\t\t\t\t\t\t\t\t\t<p><strong>Politique de confidentialit\u00e9<\/strong><\/p>\n<p>Conform\u00e9ment au r\u00e8glement (UE) 2016\/679 du Parlement europ\u00e9en et du Conseil du 27 avril 2016 relatif \u00e0 la protection des personnes physiques \u00e0 l\u2019\u00e9gard du traitement des donn\u00e9es \u00e0 caract\u00e8re personnel et \u00e0 la libre circulation de ces donn\u00e9es, et abrogeant la directive 95\/46\/CE (r\u00e8glement g\u00e9n\u00e9ral sur la protection des donn\u00e9es),  Nous vous informons que les donn\u00e9es que vous fournissez seront trait\u00e9es par le propri\u00e9taire de ce site Web aux fins suivantes:<\/p>\n<p><strong>Section \u00ab&nbsp;Service Client \/ Contact&nbsp;\u00bb:<\/strong> Les donn\u00e9es que vous fournissez seront trait\u00e9es afin de r\u00e9pondre \u00e0 vos questions ou demandes et de fournir les services que vous avez demand\u00e9s.<\/p>\n<p><strong>\u00ab Abonnement \u00e0 la newsletter \u00bb :<\/strong> Nous vous informons que les donn\u00e9es que vous fournissez seront trait\u00e9es afin de g\u00e9rer l\u2019envoi d\u2019informations commerciales par courrier ordinaire, e-mail, sms ou fax, sur notre h\u00f4tel.<\/p>\n<p><strong>\u00ab R\u00e9servations \u00bb :<\/strong> Les donn\u00e9es personnelles fournies dans cette section seront trait\u00e9es afin de g\u00e9rer les r\u00e9servations que vous avez demand\u00e9es. Dans tous les cas, les donn\u00e9es fournies peuvent \u00eatre trait\u00e9es afin de pr\u00e9parer des statistiques internes pour am\u00e9liorer nos services. Les donn\u00e9es personnelles fournies ne seront conserv\u00e9es que tant que notre relation commerciale est maintenue, et seront bloqu\u00e9es une fois \u00e9teinte, pendant la p\u00e9riode \u00e9tablie par les prescriptions l\u00e9gales, disponibles uniquement pour les cours et tribunaux pour assister \u00e0 d\u2019\u00e9ventuelles r\u00e9clamations, apr\u00e8s quoi, lesdites donn\u00e9es seront annul\u00e9es. La base juridique pour le traitement de vos donn\u00e9es est l\u2019ex\u00e9cution des obligations contractuelles que vous assumez lorsque vous demandez nos services. Nous vous informons que les donn\u00e9es personnelles fournies peuvent \u00eatre trait\u00e9es afin de vous envoyer des communications informatives et autres (offres, \u00e9v\u00e9nements, f\u00e9licitations) pour lesquelles vous devez cocher la case suivante activ\u00e9e \u00e0 cet effet. Les donn\u00e9es fournies seront conserv\u00e9es \u00e0 cette fin tant que vous ne demanderez pas la cessation des envois publicitaires. Vous avez le droit de retirer votre consentement \u00e0 tout moment. Le retrait du consentement n\u2019affectera pas la l\u00e9galit\u00e9 du traitement bas\u00e9 sur le consentement avant son retrait. Vous pouvez exercer vos droits d\u2019acc\u00e8s, de rectification, de suppression, d\u2019opposition, de limitation du traitement \u00e0 tout moment en \u00e9crivant \u00e0 l\u2019adresse \u00e9lectronique suivante : info@summer-sorra.com ou \u00e0 l\u2019adresse postale suivante : Summer Sorra, domicili\u00e9e Calle Montnegre 56, 08370 Calella, Barcelone.<\/p>\n<p>D\u00e8s r\u00e9ception de votre demande, nous vous enverrons un formulaire pour l\u2019exercice du droit sp\u00e9cifique demand\u00e9, que vous devrez remplir et nous envoyer accompagn\u00e9 d\u2019une photocopie de votre carte d\u2019identit\u00e9 ou de votre passeport. Une fois cette documentation re\u00e7ue, nous nous occuperons de l\u2019exercice de vos droits dans les d\u00e9lais l\u00e9galement \u00e9tablis et si vous n\u2019avez pas obtenu satisfaction dans l\u2019exercice de vos droits, vous pouvez d\u00e9poser une r\u00e9clamation aupr\u00e8s de l\u2019Autorit\u00e9 de contr\u00f4le, Agence espagnole de protection des donn\u00e9es: www.agdp.es<\/p>\n<p><strong>2. T\u00e9moins (cookies)<\/strong><\/p>\n<p>Voir la politique en mati\u00e8re de cookies<\/p>\n<p><strong>3. Enregistrement des visites<\/strong><\/p>\n<p>Chaque fois que vous acc\u00e9dez au serveur de Summer Hotel, l\u2019adresse IP \u00e0 partir de laquelle l\u2019utilisateur navigue sera collect\u00e9e et enregistr\u00e9e, ainsi que les pages visit\u00e9es par Summer Hotel. Ces donn\u00e9es seront stock\u00e9es dans un fichier LOG \u00e0 des fins statistiques et pour d\u00e9terminer le nombre de pages vues.<\/p>\n<p><strong>4. Hyperliens<\/strong><\/p>\n<p>Le portail summerhotelcalella.com permet d\u2019acc\u00e9der \u00e0 d\u2019autres sites web g\u00e9r\u00e9s et contr\u00f4l\u00e9s par des tiers via diff\u00e9rents liens pour faciliter la recherche d\u2019informations, de contenus et de services Internet par les utilisateurs, sans en aucun cas \u00eatre consid\u00e9r\u00e9 comme une recommandation ou une invitation \u00e0 les visiter. La r\u00e9alisation d\u2019un hyperlien \u00e0 partir d\u2019une page web d\u2019un autre portail Internet vers l\u2019une des pages du portail paratytech.com doit \u00eatre soumise aux conditions suivantes :<\/p>\n<p>\u2022 Tout lien hypertexte vers le portail summerhotelcalella.com sera fait vers sa page principale ou les pages principales des sections qu\u2019il contient ;<br \/>\u2022 La reproduction, en aucun cas, des services ou contenus du portail Summer Hotel n\u2019est autoris\u00e9e ;<br \/>\u2022 Le site Web sur lequel l\u2019hyperlien est \u00e9tabli ne contiendra pas d\u2019informations ou de contenus illicites, contraires aux bonnes m\u0153urs, aux bonnes m\u0153urs ou \u00e0 l\u2019ordre public, ni ne fournira de contenu contraire \u00e0 tout droit de tiers;<br \/>\u2022 Aucune d\u00e9claration fausse, inexacte ou incorrecte ne sera incluse sur les pages du portail paratytech.com, ni sur les services ou le contenu de celui-ci;<br \/>\u2022 Aucun lien profond, lien IMG ou image, ou cadre ne sera \u00e9tabli avec les pages du portail paraty.es sans l\u2019autorisation expresse pr\u00e9alable de Summer Hotel ;<br \/>\u2022 \u00c0 l\u2019exception des signes qui font partie de l\u2019hyperlien, le site Web sur lequel il est \u00e9tabli ne contiendra aucune marque, nom commercial, enseigne d\u2019\u00e9tablissement, d\u00e9nomination, logo, slogan ou autre signe distinctif appartenant \u00e0 Summer Hotel ;<br \/>\u2022 L\u2019\u00e9tablissement de l\u2019hyperlien n\u2019implique pas l\u2019existence d\u2019une relation entre Summer Hotel et le propri\u00e9taire du site Web ou du portail \u00e0 partir duquel il est \u00e9tabli, ni que Summer Hotel a autoris\u00e9 l\u2019hyperlien ou supervis\u00e9, connu, accept\u00e9 ou assum\u00e9 les services et contenus offerts sur ledit portail. Summer Hotel ne commercialise pas, ne contr\u00f4le pas au pr\u00e9alable, ne cautionne pas les contenus, services et informations disponibles sur ces sites web, et n\u2019est pas responsable de ceux-ci ni des informations et d\u00e9clarations qui y sont incluses. Summer Hotel n\u2019est pas non plus responsable des dommages de toute nature pouvant r\u00e9sulter de l\u2019acc\u00e8s, de la maintenance, de l\u2019utilisation, de la qualit\u00e9, de la l\u00e9galit\u00e9, de la fiabilit\u00e9 et de l\u2019utilit\u00e9 des contenus, informations, communications, d\u00e9clarations, produits et services existants ou offerts sur des sites Web non g\u00e9r\u00e9s par lui-m\u00eame.<\/p>\n<p><strong>5. G\u00e9n\u00e9ralit\u00e9s<\/strong><\/p>\n<p>Summer Hotel se r\u00e9serve le droit, sans pr\u00e9avis et \u00e0 tout moment, de suspendre temporairement l\u2019acc\u00e8s \u00e0 son site Web et d\u2019apporter les modifications qu\u2019il juge appropri\u00e9es au site Web, aux services ou informations offerts, \u00e0 la pr\u00e9sentation ou \u00e0 l\u2019emplacement de ceux-ci et aux conditions d\u2019acc\u00e8s et d\u2019utilisation du site Web de Summer Hotel. Toutes les informations re\u00e7ues sur ce site Web seront consid\u00e9r\u00e9es comme ayant \u00e9t\u00e9 transf\u00e9r\u00e9es gratuitement \u00e0 Summer Hotel. Le courriel ne sera pas consid\u00e9r\u00e9 comme un moyen valable aux fins de soumettre des r\u00e9clamations. Pour ce faire, ils doivent contacter le service juridique de Summer Hotel, situ\u00e9 Calle Montnegre 56, 08370 Calella, Barcelone, qui indiquera dans chaque cas les proc\u00e9dures \u00e0 suivre.<\/p>\n<p>Toutes les questions relatives au site Web de Summer Hotel sont r\u00e9gies par la loi espagnole et sont soumises \u00e0 la juridiction des Cours et Tribunaux correspondants, renon\u00e7ant \u00e0 toute juridiction qui pourrait correspondre.<\/p>\n<p><strong>6. V\u00e9racit\u00e9 des donn\u00e9es<\/strong><\/p>\n<p>L\u2019utilisateur sera responsable, dans tous les cas, de la v\u00e9racit\u00e9 des donn\u00e9es fournies, et Summer Hotel se r\u00e9serve le droit d\u2019exclure des services enregistr\u00e9s tout utilisateur ayant fourni de fausses donn\u00e9es, sans pr\u00e9judice d\u2019autres actions pouvant \u00eatre intent\u00e9es par la loi. De m\u00eame, l\u2019utilisateur doit \u00eatre d\u00fbment autoris\u00e9 \u00e0 fournir des donn\u00e9es de tiers. Ce n\u2019est qu\u2019avec le consentement des futurs clients de l\u2019h\u00f4tel que l\u2019utilisateur peut fournir ces donn\u00e9es \u00e0 l\u2019h\u00f4tel. Ces informations, qui permettront \u00e0 Summer Hotel de fournir un meilleur service \u00e0 ses clients, sont facultatives, de sorte que leur fourniture par l\u2019utilisateur implique, sous sa seule responsabilit\u00e9, l\u2019obligation d\u2019informer ceux du contenu de notre politique de confidentialit\u00e9 avant de fournir des informations personnelles.<\/p>\n<p><strong>7. Responsabilit\u00e9 de l\u2019h\u00f4tel<\/strong><\/p>\n<p>L\u2019acc\u00e8s au site web n\u2019implique en aucun cas l\u2019existence d\u2019une relation commerciale entre l\u2019utilisateur et Summer Hotel. Le portail ne fournit que des informations sur les chambres d\u2019h\u00f4tel vacantes au moment de la demande des informations susmentionn\u00e9es, donc si vous effectuez la r\u00e9servation en ligne, vous contractez directement avec l\u2019h\u00f4tel et non avec le portail. La version imprim\u00e9e de la r\u00e9servation effectu\u00e9e sert de localisateur lorsque vous vous rendez \u00e0 l\u2019h\u00f4tel. La r\u00e9servation de nuits d\u2019h\u00f4tel sur ce site implique l\u2019adh\u00e9sion et l\u2019acceptation par le client de chacune des conditions g\u00e9n\u00e9rales \u00e9nonc\u00e9es dans les pr\u00e9sentes. En acceptant les clauses suivantes, vous d\u00e9clarez et acceptez :<\/p>\n<p>1) \u00catre majeur et avoir la pleine capacit\u00e9 d\u2019effectuer la r\u00e9servation, en d\u00e9clarant que vous comprenez et comprenez toutes les conditions trouv\u00e9es sur le site.<br \/>2) Que les donn\u00e9es fournies lors de la r\u00e9servation en ligne sont vraies, compl\u00e8tes et concises.<br \/>3) Seules les pages qui apparaissent dans la carte Web sont incluses dans le Web.<br \/>4) Que l\u2019acc\u00e8s \u00e0 ce site est la responsabilit\u00e9 de l\u2019utilisateur.<br \/>5) Qu\u2019une fois la r\u00e9servation effectu\u00e9e, le document \u00e9lectronique dans lequel elle a \u00e9t\u00e9 formalis\u00e9e sera d\u00e9pos\u00e9, vous pouvez y acc\u00e9der \u00e0 tout moment.<br \/>6) Cela confirme la r\u00e9servation effectu\u00e9e, c\u2019est-\u00e0-dire les dates indiqu\u00e9es, le nombre de chambres, les personnes et l\u2019h\u00f4tel choisi.<br \/>7) Les conditions et le prix de la r\u00e9servation effectu\u00e9e, sont ceux qui sont express\u00e9ment d\u00e9termin\u00e9s dans les conditions du tarif express\u00e9ment inclus dans la page que vous effectuez la r\u00e9servation.<br \/>8) En ce qui concerne la relation avec le portail, il vous donne la possibilit\u00e9 de r\u00e9server des chambres de l\u2019h\u00f4tel choisi via son site Web, mais n\u2019offre aucun type de service h\u00f4telier sous votre responsabilit\u00e9.<br \/>9) Que les d\u00e9tails de votre carte soient collect\u00e9s dans le but de garantir la r\u00e9servation. Le paiement de la m\u00eame sera effectif dans l\u2019h\u00f4tel choisi et seulement en cas d\u2019annulation ou de non-pr\u00e9sentation (no show), la r\u00e9servation sera annul\u00e9e et les frais fix\u00e9s dans les conditions du tarif seront effectu\u00e9s.<br \/>10) Les offres ne seront valables que tant qu\u2019elles resteront accessibles aux destinataires du service.<\/p>\n<p><strong>8. Prix<\/strong><\/p>\n<p>Les prix indiqu\u00e9s sont Prix de vente TTC. Le prix comprend: Prix par nuit en fonction du type de chambre et de pension s\u00e9lectionn\u00e9, sauf pour les h\u00f4tels o\u00f9 l\u2019inclusion d\u2019autres services est sp\u00e9cifiquement indiqu\u00e9e. Le prix ne comprend pas: Tout service non sp\u00e9cifi\u00e9 en plus des extras tels que les transferts, les pourboires, les appels t\u00e9l\u00e9phoniques, les services de blanchisserie, minibar, parking, etc &#8230; Heure d\u2019entr\u00e9e (check-in) et de sortie (check-out) En r\u00e8gle g\u00e9n\u00e9rale et sauf convention contraire expresse avec l\u2019\u00e9tablissement, les chambres peuvent \u00eatre utilis\u00e9es \u00e0 partir de 14h le jour de l\u2019arriv\u00e9e et doivent \u00eatre lib\u00e9r\u00e9es \u00e0 12h le jour du d\u00e9part.<\/p>\n<p><strong>9. Passeports et visas<\/strong><\/p>\n<p>Tous les voyageurs, sans exception (enfants inclus), doivent \u00eatre munis de leurs documents personnels et familiaux correspondants, qu\u2019il s\u2019agisse d\u2019un passeport ou d\u2019un D.N.I., conform\u00e9ment \u00e0 la l\u00e9gislation en vigueur. Ce sera en leur nom lorsque les voyages n\u00e9cessiteront l\u2019obtention de visas, passeports, certificats de vaccination, etc. Les mineurs de moins de 18 ans doivent \u00eatre munis d\u2019une autorisation \u00e9crite sign\u00e9e par leurs parents ou tuteurs, en pr\u00e9vision de la demande d\u2019une autorit\u00e9. Si l\u2019octroi de visas est refus\u00e9 par une autorit\u00e9, pour des raisons particuli\u00e8res de l\u2019utilisateur, ou si leur entr\u00e9e dans le pays est refus\u00e9e en raison de l\u2019absence des exigences requises, ou pour d\u00e9faut dans la documentation requise, ou pour ne pas \u00eatre un transporteur de la m\u00eame, l\u2019h\u00f4tel d\u00e9cline toute responsabilit\u00e9 pour les \u00e9v\u00e9nements de cette nature,  \u00eatre au nom du consommateur toute d\u00e9pense qui provient, en appliquant dans ces circonstances les conditions et r\u00e8gles \u00e9tablies pour le cas de non-pr\u00e9sentation.<\/p>\n\t\t\t\t\t\t\t\t<\/div>\n\t\t\t\t<\/div>\n\t\t\t\t<\/div>\n\t\t\t\t\t<\/div>\n\t\t\t\t<\/div>\n\t\t\t\t<\/div>\n\t\t","protected":false},"excerpt":{"rendered":"<p>Politique de confidentialit\u00e9 Conform\u00e9ment au r\u00e8glement (UE) 2016\/679 du Parlement europ\u00e9en et du Conseil du 27 avril 2016 relatif \u00e0 la protection des personnes physiques \u00e0 l\u2019\u00e9gard du traitement des donn\u00e9es \u00e0 caract\u00e8re personnel et \u00e0 la libre circulation de ces donn\u00e9es, et abrogeant la directive 95\/46\/CE (r\u00e8glement g\u00e9n\u00e9ral sur la protection des donn\u00e9es), Nous [&hellip;]<\/p>\n","protected":false},"author":1,"featured_media":0,"parent":0,"menu_order":0,"comment_status":"closed","ping_status":"closed","template":"","meta":{"footnotes":""},"class_list":["post-1479","page","type-page","status-publish","hentry"],"yoast_head":"<!-- This site is optimized with the Yoast SEO plugin v26.7 - https:\/\/yoast.com\/wordpress\/plugins\/seo\/ -->\n<title>Politique de confidentialit\u00e9 &#8226; Summer Hotel Calella<\/title>\n<meta name=\"description\" content=\"D\u00e9couvrez l\u2019h\u00f4tel Summer \u00e0 Calella, Costa de Barcelona. Venez profiter de tout ce que l\u2019h\u00f4tel peut vous offrir avec les meilleurs services.\" \/>\n<meta name=\"robots\" content=\"index, follow, max-snippet:-1, max-image-preview:large, max-video-preview:-1\" \/>\n<link rel=\"canonical\" href=\"https:\/\/www.summerhotelcalella.com\/fr\/politique-de-confidentialite\/\" \/>\n<meta property=\"og:locale\" content=\"fr_FR\" \/>\n<meta property=\"og:type\" content=\"article\" \/>\n<meta property=\"og:title\" content=\"Politique de confidentialit\u00e9 &#8226; Summer Hotel Calella\" \/>\n<meta property=\"og:description\" content=\"D\u00e9couvrez l\u2019h\u00f4tel Summer \u00e0 Calella, Costa de Barcelona. Venez profiter de tout ce que l\u2019h\u00f4tel peut vous offrir avec les meilleurs services.\" \/>\n<meta property=\"og:url\" content=\"https:\/\/www.summerhotelcalella.com\/fr\/politique-de-confidentialite\/\" \/>\n<meta property=\"og:site_name\" content=\"Summer Hotel Calella\" \/>\n<meta property=\"article:modified_time\" content=\"2024-06-13T14:33:16+00:00\" \/>\n<meta property=\"og:image\" content=\"https:\/\/www.summerhotelcalella.com\/wp-content\/uploads\/2024\/04\/zonas-summerhotel-01.jpg\" \/>\n\t<meta property=\"og:image:width\" content=\"1280\" \/>\n\t<meta property=\"og:image:height\" content=\"853\" \/>\n\t<meta property=\"og:image:type\" content=\"image\/jpeg\" \/>\n<meta name=\"twitter:card\" content=\"summary_large_image\" \/>\n<meta name=\"twitter:label1\" content=\"Dur\u00e9e de lecture estim\u00e9e\" \/>\n\t<meta name=\"twitter:data1\" content=\"10 minutes\" \/>\n<script type=\"application\/ld+json\" class=\"yoast-schema-graph\">{\"@context\":\"https:\/\/schema.org\",\"@graph\":[{\"@type\":\"WebPage\",\"@id\":\"https:\/\/www.summerhotelcalella.com\/fr\/politique-de-confidentialite\/\",\"url\":\"https:\/\/www.summerhotelcalella.com\/fr\/politique-de-confidentialite\/\",\"name\":\"Politique de confidentialit\u00e9 &#8226; Summer Hotel Calella\",\"isPartOf\":{\"@id\":\"https:\/\/www.summerhotelcalella.com\/fr\/#website\"},\"datePublished\":\"2024-02-21T12:56:01+00:00\",\"dateModified\":\"2024-06-13T14:33:16+00:00\",\"description\":\"D\u00e9couvrez l\u2019h\u00f4tel Summer \u00e0 Calella, Costa de Barcelona. Venez profiter de tout ce que l\u2019h\u00f4tel peut vous offrir avec les meilleurs services.\",\"breadcrumb\":{\"@id\":\"https:\/\/www.summerhotelcalella.com\/fr\/politique-de-confidentialite\/#breadcrumb\"},\"inLanguage\":\"fr-FR\",\"potentialAction\":[{\"@type\":\"ReadAction\",\"target\":[\"https:\/\/www.summerhotelcalella.com\/fr\/politique-de-confidentialite\/\"]}]},{\"@type\":\"BreadcrumbList\",\"@id\":\"https:\/\/www.summerhotelcalella.com\/fr\/politique-de-confidentialite\/#breadcrumb\",\"itemListElement\":[{\"@type\":\"ListItem\",\"position\":1,\"name\":\"Portada\",\"item\":\"https:\/\/www.summerhotelcalella.com\/fr\/domicile\/\"},{\"@type\":\"ListItem\",\"position\":2,\"name\":\"Politique de confidentialit\u00e9\"}]},{\"@type\":\"WebSite\",\"@id\":\"https:\/\/www.summerhotelcalella.com\/fr\/#website\",\"url\":\"https:\/\/www.summerhotelcalella.com\/fr\/\",\"name\":\"Summer Hotel Calella\",\"description\":\"Hotel 4 estrellas en Calella, Barcelona\",\"publisher\":{\"@id\":\"https:\/\/www.summerhotelcalella.com\/fr\/#organization\"},\"alternateName\":\"Summer Hotel Calella\",\"potentialAction\":[{\"@type\":\"SearchAction\",\"target\":{\"@type\":\"EntryPoint\",\"urlTemplate\":\"https:\/\/www.summerhotelcalella.com\/fr\/?s={search_term_string}\"},\"query-input\":{\"@type\":\"PropertyValueSpecification\",\"valueRequired\":true,\"valueName\":\"search_term_string\"}}],\"inLanguage\":\"fr-FR\"},{\"@type\":\"Organization\",\"@id\":\"https:\/\/www.summerhotelcalella.com\/fr\/#organization\",\"name\":\"Summer Hotel\",\"alternateName\":\"Summer Hotel Calella\",\"url\":\"https:\/\/www.summerhotelcalella.com\/fr\/\",\"logo\":{\"@type\":\"ImageObject\",\"inLanguage\":\"fr-FR\",\"@id\":\"https:\/\/www.summerhotelcalella.com\/fr\/#\/schema\/logo\/image\/\",\"url\":\"https:\/\/www.summerhotelcalella.com\/wp-content\/uploads\/2024\/03\/logo-summerhotel_4x.png\",\"contentUrl\":\"https:\/\/www.summerhotelcalella.com\/wp-content\/uploads\/2024\/03\/logo-summerhotel_4x.png\",\"width\":2975,\"height\":617,\"caption\":\"Summer Hotel\"},\"image\":{\"@id\":\"https:\/\/www.summerhotelcalella.com\/fr\/#\/schema\/logo\/image\/\"}}]}<\/script>\n<!-- \/ Yoast SEO plugin. -->","yoast_head_json":{"title":"Politique de confidentialit\u00e9 &#8226; Summer Hotel Calella","description":"D\u00e9couvrez l\u2019h\u00f4tel Summer \u00e0 Calella, Costa de Barcelona. Venez profiter de tout ce que l\u2019h\u00f4tel peut vous offrir avec les meilleurs services.","robots":{"index":"index","follow":"follow","max-snippet":"max-snippet:-1","max-image-preview":"max-image-preview:large","max-video-preview":"max-video-preview:-1"},"canonical":"https:\/\/www.summerhotelcalella.com\/fr\/politique-de-confidentialite\/","og_locale":"fr_FR","og_type":"article","og_title":"Politique de confidentialit\u00e9 &#8226; Summer Hotel Calella","og_description":"D\u00e9couvrez l\u2019h\u00f4tel Summer \u00e0 Calella, Costa de Barcelona. Venez profiter de tout ce que l\u2019h\u00f4tel peut vous offrir avec les meilleurs services.","og_url":"https:\/\/www.summerhotelcalella.com\/fr\/politique-de-confidentialite\/","og_site_name":"Summer Hotel Calella","article_modified_time":"2024-06-13T14:33:16+00:00","og_image":[{"width":1280,"height":853,"url":"https:\/\/www.summerhotelcalella.com\/wp-content\/uploads\/2024\/04\/zonas-summerhotel-01.jpg","type":"image\/jpeg"}],"twitter_card":"summary_large_image","twitter_misc":{"Dur\u00e9e de lecture estim\u00e9e":"10 minutes"},"schema":{"@context":"https:\/\/schema.org","@graph":[{"@type":"WebPage","@id":"https:\/\/www.summerhotelcalella.com\/fr\/politique-de-confidentialite\/","url":"https:\/\/www.summerhotelcalella.com\/fr\/politique-de-confidentialite\/","name":"Politique de confidentialit\u00e9 &#8226; Summer Hotel Calella","isPartOf":{"@id":"https:\/\/www.summerhotelcalella.com\/fr\/#website"},"datePublished":"2024-02-21T12:56:01+00:00","dateModified":"2024-06-13T14:33:16+00:00","description":"D\u00e9couvrez l\u2019h\u00f4tel Summer \u00e0 Calella, Costa de Barcelona. Venez profiter de tout ce que l\u2019h\u00f4tel peut vous offrir avec les meilleurs services.","breadcrumb":{"@id":"https:\/\/www.summerhotelcalella.com\/fr\/politique-de-confidentialite\/#breadcrumb"},"inLanguage":"fr-FR","potentialAction":[{"@type":"ReadAction","target":["https:\/\/www.summerhotelcalella.com\/fr\/politique-de-confidentialite\/"]}]},{"@type":"BreadcrumbList","@id":"https:\/\/www.summerhotelcalella.com\/fr\/politique-de-confidentialite\/#breadcrumb","itemListElement":[{"@type":"ListItem","position":1,"name":"Portada","item":"https:\/\/www.summerhotelcalella.com\/fr\/domicile\/"},{"@type":"ListItem","position":2,"name":"Politique de confidentialit\u00e9"}]},{"@type":"WebSite","@id":"https:\/\/www.summerhotelcalella.com\/fr\/#website","url":"https:\/\/www.summerhotelcalella.com\/fr\/","name":"Summer Hotel Calella","description":"Hotel 4 estrellas en Calella, Barcelona","publisher":{"@id":"https:\/\/www.summerhotelcalella.com\/fr\/#organization"},"alternateName":"Summer Hotel Calella","potentialAction":[{"@type":"SearchAction","target":{"@type":"EntryPoint","urlTemplate":"https:\/\/www.summerhotelcalella.com\/fr\/?s={search_term_string}"},"query-input":{"@type":"PropertyValueSpecification","valueRequired":true,"valueName":"search_term_string"}}],"inLanguage":"fr-FR"},{"@type":"Organization","@id":"https:\/\/www.summerhotelcalella.com\/fr\/#organization","name":"Summer Hotel","alternateName":"Summer Hotel Calella","url":"https:\/\/www.summerhotelcalella.com\/fr\/","logo":{"@type":"ImageObject","inLanguage":"fr-FR","@id":"https:\/\/www.summerhotelcalella.com\/fr\/#\/schema\/logo\/image\/","url":"https:\/\/www.summerhotelcalella.com\/wp-content\/uploads\/2024\/03\/logo-summerhotel_4x.png","contentUrl":"https:\/\/www.summerhotelcalella.com\/wp-content\/uploads\/2024\/03\/logo-summerhotel_4x.png","width":2975,"height":617,"caption":"Summer Hotel"},"image":{"@id":"https:\/\/www.summerhotelcalella.com\/fr\/#\/schema\/logo\/image\/"}}]}},"_links":{"self":[{"href":"https:\/\/www.summerhotelcalella.com\/fr\/wp-json\/wp\/v2\/pages\/1479","targetHints":{"allow":["GET"]}}],"collection":[{"href":"https:\/\/www.summerhotelcalella.com\/fr\/wp-json\/wp\/v2\/pages"}],"about":[{"href":"https:\/\/www.summerhotelcalella.com\/fr\/wp-json\/wp\/v2\/types\/page"}],"author":[{"embeddable":true,"href":"https:\/\/www.summerhotelcalella.com\/fr\/wp-json\/wp\/v2\/users\/1"}],"replies":[{"embeddable":true,"href":"https:\/\/www.summerhotelcalella.com\/fr\/wp-json\/wp\/v2\/comments?post=1479"}],"version-history":[{"count":0,"href":"https:\/\/www.summerhotelcalella.com\/fr\/wp-json\/wp\/v2\/pages\/1479\/revisions"}],"wp:attachment":[{"href":"https:\/\/www.summerhotelcalella.com\/fr\/wp-json\/wp\/v2\/media?parent=1479"}],"curies":[{"name":"wp","href":"https:\/\/api.w.org\/{rel}","templated":true}]}}